{"id":429,"date":"2023-04-19T13:20:52","date_gmt":"2023-04-19T13:20:52","guid":{"rendered":"https:\/\/szuleskonyv.hu\/?page_id=429"},"modified":"2024-03-08T10:54:38","modified_gmt":"2024-03-08T10:54:38","slug":"szuleskonyv","status":"publish","type":"page","link":"https:\/\/szuleskonyv.hu\/index.php\/szuleskonyv\/","title":{"rendered":"Sz\u00fcl\u00e9sk\u00f6nyv"},"content":{"rendered":"<p>[vc_row][vc_column][vc_column_text]<\/p>\n<h1 style=\"text-align: center;\">Sz\u00fcl\u00e9sk\u00f6nyv<\/h1>\n<p>[\/vc_column_text][\/vc_column][\/vc_row][vc_row bg_color=&#8221;rgba(0,0,0,0.01)&#8221;][vc_column][vc_tta_tabs alignment=&#8221;center&#8221; active_section=&#8221;1&#8243; css_animation=&#8221;none&#8221;][vc_tta_section i_icon_fontawesome=&#8221;fas fa-book-open&#8221; add_icon=&#8221;true&#8221; title=&#8221;Mi ez a k\u00f6nyv?&#8221; tab_id=&#8221;1628856432667-067eb7ce-0159&#8243;][vc_column_text]<span style=\"font-weight: 400;\"><img loading=\"lazy\" decoding=\"async\" class=\"wp-image-240 size-medium alignleft\" src=\"https:\/\/szuleskonyv.hu\/wp-content\/uploads\/2021\/09\/szuleskonyv_released-2-262x300.png\" alt=\"\" width=\"262\" height=\"300\" srcset=\"https:\/\/szuleskonyv.hu\/wp-content\/uploads\/2021\/09\/szuleskonyv_released-2-262x300.png 262w, https:\/\/szuleskonyv.hu\/wp-content\/uploads\/2021\/09\/szuleskonyv_released-2.png 879w\" sizes=\"auto, (max-width: 262px) 100vw, 262px\" \/>A <em>Sz\u00fcl\u00e9s, cs\u00e1sz\u00e1rmetsz\u00e9s, VBAC \u2013 Elm\u00e9leti \u00e9s gyakorlati tudnival\u00f3k h\u00fcvelyi sz\u00fcl\u00e9sre \u00e9s cs\u00e1sz\u00e1rmetsz\u00e9sre k\u00e9sz\u00fcl\u0151 n\u0151knek<\/em> c\u00edm\u0171 k\u00f6nyv t\u00f6bb mint hagyom\u00e1nyos sz\u00fcl\u00e9sfelk\u00e9sz\u00edt\u0151 k\u00f6nyv: szokatlanul sz\u00e9lesk\u00f6r\u0171 elm\u00e9leti \u00e1ttekint\u00e9st \u00e9s a gyakorlatban is haszn\u00e1lhat\u00f3 ismereteket k\u00edn\u00e1l mind sz\u00fcl\u00e9sre k\u00e9sz\u00fcl\u0151, mind cs\u00e1sz\u00e1rmetsz\u00e9s el\u0151tt \u00e1ll\u00f3 n\u0151knek, ak\u00e1r els\u0151, ak\u00e1r t\u00f6bbedik v\u00e1rand\u00f3ss\u00e1g eset\u00e9n. A cs\u00e1sz\u00e1rmetsz\u00e9st k\u00f6vet\u0151 h\u00fcvelyi sz\u00fcl\u00e9s t\u00e9mak\u00f6r\u00e9ben pedig egyenesen hi\u00e1nyp\u00f3tl\u00f3 m\u0171. A sokszor sz\u00e1raz t\u00e9nyeket is olvasm\u00e1nyos form\u00e1ban bemutat\u00f3 \u00edr\u00e1st sz\u00e1mtalan, any\u00e1kt\u00f3l, d\u00fal\u00e1kt\u00f3l, b\u00e1b\u00e1kt\u00f3l, orvosokt\u00f3l \u00e9s egy\u00e9b szakemberekt\u0151l sz\u00e1rmaz\u00f3 id\u00e9zet, valamint 15 sz\u00fcl\u00e9st\u00f6rt\u00e9net teszi \u00e9l\u0151v\u00e9.<\/span><\/p>\n<p><span style=\"font-weight: 400;\">A k\u00f6nyv emellett k\u00fcl\u00f6nleges n\u00e9z\u0151pontja miatt egyedi: szerz\u0151je\u00a0<\/span>h\u00e1romgyermekes \u2013 cs\u00e1sz\u00e1ros \u00e9s VBAC \u2013 \u00e9desanya, aki maga is \u00e1t\u00e9lte a v\u00e1rand\u00f3ss\u00e1g \u00e9s a sz\u00fcl\u00e9s k\u00fcl\u00f6nb\u00f6z\u0151 vet\u00fcleteit: a baba megfogan\u00e1s\u00e1t\u00f3l az els\u0151 \u00f6lel\u00e9sig tart\u00f3 v\u00e1rakoz\u00e1st, a cs\u00e1sz\u00e1rmetsz\u00e9s okozta meglepet\u00e9st, vesztes\u00e9g\u00e9lm\u00e9nyt \u00e9s f\u00e1jdalmat, az \u00fajsz\u00fcl\u00f6tt\u0151l elv\u00e1lasztva t\u00f6lt\u00f6tt \u00f3r\u00e1k <img loading=\"lazy\" decoding=\"async\" class=\"wp-image-51 alignright\" src=\"https:\/\/szuleskonyv.hu\/wp-content\/uploads\/2021\/08\/virag3-107x300.png\" alt=\"\" width=\"50\" height=\"141\" srcset=\"https:\/\/szuleskonyv.hu\/wp-content\/uploads\/2021\/08\/virag3-107x300.png 107w, https:\/\/szuleskonyv.hu\/wp-content\/uploads\/2021\/08\/virag3.png 142w\" sizes=\"auto, (max-width: 50px) 100vw, 50px\" \/>k\u00e9ts\u00e9gbees\u00e9s\u00e9t \u00e9s az \u00fajratal\u00e1lkoz\u00e1s ut\u00e1ni megk\u00f6nnyebb\u00fcl\u00e9st, a VBAC-re (azaz cs\u00e1sz\u00e1rmetsz\u00e9st k\u00f6vet\u0151 h\u00fcvelyi sz\u00fcl\u00e9sre) k\u00e9sz\u00fcl\u00e9s kih\u00edv\u00e1sait, majd a vaj\u00fad\u00f3 n\u0151i test \u00e9s l\u00e9lek munk\u00e1j\u00e1t, kiszolg\u00e1ltatotts\u00e1g\u00e1t \u00e9s erej\u00e9t, a sz\u00fcl\u00e9s \u00f6r\u00f6m\u00e9t.<\/p>\n<p>A k\u00f6nyv szakmai lektora Dr. B\u00f6decs P\u00e9ter sz\u00fcl\u00e9sz-n\u0151gy\u00f3gy\u00e1sz f\u0151orvos, a Magyar Pre- \u00e9s Perinat\u00e1lis Pszichol\u00f3giai \u00e9s Orvostudom\u00e1nyi T\u00e1rsas\u00e1g eln\u00f6ke.[\/vc_column_text][\/vc_tta_section][vc_tta_section i_icon_fontawesome=&#8221;fas fa-pen&#8221; add_icon=&#8221;true&#8221; title=&#8221;Mi\u00e9rt \u00edr\u00f3dott?&#8221; tab_id=&#8221;1628856432667-9ce67b62-66c4&#8243;][vc_column_text]<span style=\"font-weight: 400;\">A k\u00f6nyv\u00edr\u00e1s \u00f6tlete a f\u00e9rjemt\u0151l sz\u00e1rmazik. Amikor m\u00e1sodik gyermek\u00fcnket v\u00e1rtam, elhat\u00e1roztam, hogy megpr\u00f3b\u00e1lom \u0151t megsz\u00fclni h\u00fcvelyi \u00faton \u2013 \u00e1m hamar r\u00e1 kellett j\u00f6nn\u00f6m, hogy cs\u00e1sz\u00e1rmetsz\u00e9s ut\u00e1n nem ez az \u201ealap\u00e9rtelmezett\u201d \u00fat. T\u00e1mogat\u00f3 orvost \u00e9s n\u0151i k\u00f6z\u00f6ss\u00e9get keresve egyre t\u00f6bb inform\u00e1ci\u00f3hoz jutottam, s egyre nagyobb d\u00f6bbenettel \u00e9s felh\u00e1borod\u00e1ssal l\u00e1ttam, milyen gyakran kapnak a v\u00e1rand\u00f3s, illetve sz\u00fcl\u0151 n\u0151k pontatlan vagy nem teljesk\u00f6r\u0171 t\u00e1j\u00e9koztat\u00e1st az \u00e1llapotuk \u00e9s a lehet\u0151s\u00e9geik kapcs\u00e1n, mennyi elavult, kifejezetten k\u00e1ros, m\u00e9gis nap mint nap rutinszer\u0171en alkalmazott orvosi beavatkoz\u00e1s t\u00f6rt\u00e9nik egy \u00e1tlagos sz\u00fcl\u00e9s sor\u00e1n. K\u00fcl\u00f6n\u00f6sen sz\u00edven \u00fct\u00f6tt, hogy <\/span>milyen sok n\u0151 \u00e9s baba \u00e9l \u00e1t traumatikus \u00e9lm\u00e9nyeket \u00e9let\u00fck e sorsform\u00e1l\u00f3 esem\u00e9nye kapcs\u00e1n.<\/p>\n<p><img loading=\"lazy\" decoding=\"async\" class=\"alignright wp-image-52\" src=\"https:\/\/szuleskonyv.hu\/wp-content\/uploads\/2021\/08\/virag4-137x300.png\" alt=\"\" width=\"50\" height=\"110\" srcset=\"https:\/\/szuleskonyv.hu\/wp-content\/uploads\/2021\/08\/virag4-137x300.png 137w, https:\/\/szuleskonyv.hu\/wp-content\/uploads\/2021\/08\/virag4.png 182w\" sizes=\"auto, (max-width: 50px) 100vw, 50px\" \/><\/p>\n<p><span style=\"font-weight: 400;\">Ezeket az \u00e9lm\u00e9nyeimet pedig est\u00e9r\u0151l est\u00e9re megosztottam a f\u00e9rjemmel, aki egy ideig meg\u00e9rt\u0151en hallgatott, h\u00fcmm\u00f6g\u00f6tt, n\u00e9ha kiss\u00e9 hitetlenkedett vagy \u00e9ppen velem h\u00e1borgott, majd egy nap megk\u00e9rdezte: <\/span><i><span style=\"font-weight: 400;\">\u201eHa ezek t\u00e9nyleg ilyen fontos dolgok, \u00e9s t\u00e9nyleg ilyen sok n\u0151, p\u00e1r nem tud r\u00f3la, akkor mi\u00e9rt nem \u00edrod le? Mi\u00e9rt nem \u00edrsz egy k\u00f6nyvet?\u201d\u00a0<\/span><\/i><\/p>\n<p><i><span style=\"font-weight: 400;\">\u201eHmm. Hogy \u00e9n k\u00f6nyvet \u00edrjak? Mi\u00e9rt is ne?\u201d<\/span><\/i><span style=\"font-weight: 400;\"> A k\u00f6vetkez\u0151 d\u00e9lut\u00e1ni babaaltat\u00e1s alatt ihletszer\u0171en megsz\u00fcletett a k\u00f6nyv fel\u00e9p\u00edt\u00e9s\u00e9nek v\u00e1zlata, majd lelkes kutat\u00f3munka vette kezdet\u00e9t: elolvastam sz\u00e1mos magyar \u00e9s angol nyelv\u0171 k\u00f6nyvet, szakk\u00f6nyvet, tank\u00f6nyvet, tanulm\u00e1nyt, ir\u00e1nyelvet, protokollt, cikket, interj\u00fat, anyai besz\u00e1mol\u00f3t, sz\u00fcl\u00e9st\u00f6rt\u00e9netet, s \u00edgy \u2013 noha nem vagyok orvos, sz\u00fcl\u00e9szn\u0151, b\u00e1ba, sem d\u00fala vagy perinat\u00e1lis szaktan\u00e1csad\u00f3, m\u00e9gis \u2013 azt gondolom, kell\u0151en vil\u00e1gos k\u00e9p alakult ki bennem a t\u00e9m\u00e1r\u00f3l. (A felhaszn\u00e1lt irodalom felsorol\u00e1sa t\u00f6bb mint 20 oldalt foglal el a k\u00f6nyvben\u2026) A sok-sok inform\u00e1ci\u00f3t azt\u00e1n feldolgoztam, rendszereztem \u00e9s \u00e1tadhat\u00f3 form\u00e1ba \u00f6nt\u00f6ttem, a szakmai t\u00e9ved\u00e9sek elker\u00fcl\u00e9se v\u00e9gett pedig felk\u00e9rtem egy szakembert, hogy ellen\u0151rizze, lektor\u00e1lja a k\u00e9ziratot.<\/span><\/p>\n<p><span style=\"font-weight: 400;\"><img loading=\"lazy\" decoding=\"async\" class=\"alignleft wp-image-53\" src=\"https:\/\/szuleskonyv.hu\/wp-content\/uploads\/2021\/08\/virag5-190x300.png\" alt=\"\" width=\"50\" height=\"79\" srcset=\"https:\/\/szuleskonyv.hu\/wp-content\/uploads\/2021\/08\/virag5-190x300.png 190w, https:\/\/szuleskonyv.hu\/wp-content\/uploads\/2021\/08\/virag5.png 253w\" sizes=\"auto, (max-width: 50px) 100vw, 50px\" \/>A c\u00e9lom \u00e9s v\u00e1gyam az, hogy a tud\u00e1s, amit az elm\u00falt \u00e9vekben megszereztem, m\u00e1soknak is haszn\u00e1ra v\u00e1lhasson. Sz\u00e1nd\u00e9kom nem a n\u0151k orvosok elleni \u201el\u00e1z\u00edt\u00e1sa\u201d, a bizalom rombol\u00e1sa, hanem a v\u00e1rand\u00f3sok inform\u00e1ci\u00f3s kiszolg\u00e1ltatotts\u00e1g\u00e1nak cs\u00f6kkent\u00e9se, s a sz\u00fcl\u00e9s k\u00f6r\u00fcli seg\u00edt\u0151k, els\u0151sorban az orvosok \u00f6szt\u00f6nz\u00e9se arra, hogy az any\u00e1kat (\u00e9s ap\u00e1kat) partnerk\u00e9nt kezelj\u00e9k.<\/span>[\/vc_column_text][\/vc_tta_section][vc_tta_section i_icon_fontawesome=&#8221;fas fa-glasses&#8221; add_icon=&#8221;true&#8221; title=&#8221;Mi\u00e9rt \u00e9rdemes elolvasni?&#8221; tab_id=&#8221;1628856697468-f3c0870a-a3a7&#8243;][vc_column_text]<span style=\"font-weight: 400;\"><img loading=\"lazy\" decoding=\"async\" class=\"alignleft wp-image-157\" src=\"https:\/\/szuleskonyv.hu\/wp-content\/uploads\/2021\/08\/virag6-300x243.png\" alt=\"\" width=\"140\" height=\"113\" srcset=\"https:\/\/szuleskonyv.hu\/wp-content\/uploads\/2021\/08\/virag6-300x243.png 300w, https:\/\/szuleskonyv.hu\/wp-content\/uploads\/2021\/08\/virag6.png 358w\" sizes=\"auto, (max-width: 140px) 100vw, 140px\" \/>A sz\u00fcl\u00e9s k\u00fcl\u00f6nleges utaz\u00e1s a test \u00e9s a l\u00e9lek ismeretlen, csak ritk\u00e1n l\u00e1togathat\u00f3 vid\u00e9keire, \u00e9s e kir\u00e1ndul\u00e1sb\u00f3l a n\u0151k sohasem t\u00e9rnek vissza \u00fcres k\u00e9zzel. Amit magukkal hoznak, egy \u00e9leten \u00e1t elk\u00eds\u00e9ri \u0151ket, beleiv\u00f3dik testi-lelki-genetikai eml\u00e9kezet\u00fckbe, \u00fajabb \u00e1rnyalattal gazdag\u00edtja szem\u00e9lyis\u00e9g\u00fcket. S a gyermeknek sem mindegy, hogyan sz\u00fcletik: mindaz, amit \u00e1t\u00e9l, m\u00edg v\u00e9gighalad \u00e9let\u00e9nek val\u00f3sz\u00edn\u0171leg leghosszabb h\u00fasz centim\u00e9ter\u00e9n, hat\u00e1ssal lesz szem\u00e9lyis\u00e9g\u00e9re, \u00e9s k\u00e9s\u0151bbi testi-lelki eg\u00e9szs\u00e9g\u00e9re is.<\/span><\/p>\n<p><span style=\"font-weight: 400;\">Gyermeket vil\u00e1gra hozni \u2013 ak\u00e1r h\u00fcvelyi \u00faton, ak\u00e1r m\u0171t\u00e9t \u00e1ltal \u2013 alapvet\u0151en csod\u00e1latos, felemel\u0151, er\u0151t ad\u00f3 \u00e9lm\u00e9ny. M\u00e9gis, manaps\u00e1g sokan \u00fagy gondolj\u00e1k, illetve azt sugallj\u00e1k a v\u00e1rand\u00f3soknak, hogy a sz\u00fcl\u00e9st el\u00e9g t\u00fal\u00e9lni, \u201ea l\u00e9nyeg, hogy a baba eg\u00e9szs\u00e9ges legyen\u201d, \u201ea java \u00fagyis azut\u00e1n j\u00f6n\u201d. Olykor nincs k\u00f6nny\u0171 helyzetben az, aki t\u00f6bbre v\u00e1gyik ann\u00e1l, hogy csup\u00e1n t\u00fal\u00e9lje gyermeke vil\u00e1grahozatal\u00e1t: aki szeretn\u00e9 a maga teljess\u00e9g\u00e9ben meg\u00e9lni az \u00e9letad\u00e1s folyamat\u00e1nak f\u00e1jdalmas sz\u00e9ps\u00e9g\u00e9t \u2013 biztons\u00e1gban, ugyanakkor min\u00e9l kevesebb beavatkoz\u00e1s mellett, felesleges zavar\u00e1s, siettet\u00e9s n\u00e9lk\u00fcl.<\/span><\/p>\n<p><span style=\"font-weight: 400;\">Aki nem akarja a szerencs\u00e9re b\u00edzni, hogy megadatik-e maga \u00e9s gyermeke sz\u00e1m\u00e1ra a sz\u00e9p, \u201eeg\u00e9szs\u00e9ges\u201d sz\u00fcl\u00e9s es\u00e9lye, \u00e9rdekeik \u00e9s jogaik \u00e9rv\u00e9nyes\u00fcl\u00e9s\u00e9nek lehet\u0151s\u00e9ge, annak fel kell k\u00e9sz\u00fclnie a nagy napra. Ha a v\u00e1rand\u00f3s szeretn\u00e9\u00a0<\/span><img loading=\"lazy\" decoding=\"async\" class=\"alignright wp-image-49\" src=\"https:\/\/szuleskonyv.hu\/wp-content\/uploads\/2021\/08\/virag-300x300.png\" alt=\"\" width=\"75\" height=\"75\" srcset=\"https:\/\/szuleskonyv.hu\/wp-content\/uploads\/2021\/08\/virag-300x300.png 300w, https:\/\/szuleskonyv.hu\/wp-content\/uploads\/2021\/08\/virag-150x150.png 150w, https:\/\/szuleskonyv.hu\/wp-content\/uploads\/2021\/08\/virag.png 400w\" sizes=\"auto, (max-width: 75px) 100vw, 75px\" \/><span style=\"font-weight: 400;\">elker\u00fclni, hogy esetleg \u00e1ldozat\u00e1ul essen a k\u00f3rh\u00e1zi rutinnak, hogy egy legyen az aznapi \u201eesetek\u201d k\u00f6z\u00fcl, akkor inform\u00e1l\u00f3dnia \u00e9s terveznie kell. Ehhez k\u00edv\u00e1n seg\u00edts\u00e9get ny\u00fajtani ez a k\u00f6nyv.<\/span><\/p>\n<p><span style=\"font-weight: 400;\">\u00a0<\/span>[\/vc_column_text][\/vc_tta_section][vc_tta_section i_icon_fontawesome=&#8221;fas fa-user-astronaut&#8221; add_icon=&#8221;true&#8221; title=&#8221;Kinek sz\u00f3l?&#8221; tab_id=&#8221;1628856969199-8f40c9c5-779d&#8221;][vc_column_text]<span style=\"font-weight: 400;\"><img loading=\"lazy\" decoding=\"async\" class=\"alignright wp-image-100\" src=\"https:\/\/szuleskonyv.hu\/wp-content\/uploads\/2021\/08\/Asset-4-250x300.png\" alt=\"\" width=\"133\" height=\"160\" srcset=\"https:\/\/szuleskonyv.hu\/wp-content\/uploads\/2021\/08\/Asset-4-250x300.png 250w, https:\/\/szuleskonyv.hu\/wp-content\/uploads\/2021\/08\/Asset-4.png 831w\" sizes=\"auto, (max-width: 133px) 100vw, 133px\" \/>A k\u00f6nyv a sz\u00fcl\u00e9s t\u00e9m\u00e1ja mellett k\u00fcl\u00f6n r\u00e9szekben foglalkozik a cs\u00e1sz\u00e1rmetsz\u00e9ssel \u00e9s a VBAC-kel, e kett\u0151 biztons\u00e1goss\u00e1g\u00e1nak \u00f6sszehasonl\u00edt\u00e1s\u00e1val, valamint a VBAC-re (azaz tulajdonk\u00e9ppen a h\u00fcvelyi sz\u00fcl\u00e9sre) val\u00f3 felk\u00e9sz\u00fcl\u00e9ssel, \u00edgy mindenki sz\u00e1m\u00e1ra hasznos lehet, aki els\u0151 vagy t\u00f6bbedik gyermek\u00e9t v\u00e1rja \u2013 ak\u00e1r h\u00fcvelyi sz\u00fcl\u00e9sre, ak\u00e1r cs\u00e1sz\u00e1rmetsz\u00e9sre k\u00e9sz\u00fcl.<\/span>[\/vc_column_text][\/vc_tta_section][vc_tta_section i_icon_fontawesome=&#8221;fas fa-award&#8221; add_icon=&#8221;true&#8221; title=&#8221;Cseke Eszter aj\u00e1nl\u00f3ja&#8221; tab_id=&#8221;1628857739281-932c732f-a379&#8243;][vc_column_text]<em>\u201eEcsedi Gabriella k\u00f6nyve k\u00f6telez\u0151 olvasm\u00e1ny! Minden n\u0151nek aj\u00e1nlom, aki gyereket v\u00e1r vagy tervez, \u00e9s szeretne tiszt\u00e1ban lenni a jogaival, a val\u00f3s statisztik\u00e1kkal, a nemzetk\u00f6zi aj\u00e1nl\u00e1sokkal \u00e9s azzal, hogy mi a val\u00f3s\u00e1g, mi v\u00e1rhat r\u00e1 a k\u00f3rh\u00e1zakban vagy otthoni vaj\u00fad\u00e1s eset\u00e9n. A VBAC t\u00e9mak\u00f6r\u00e9ben pedig egyenesen hi\u00e1nyp\u00f3tl\u00f3 munka.<\/em><\/p>\n<p><em>M\u00e1sodik gyermekemet v\u00e1rom, mik\u00f6zben a k\u00e9ziratot olvasom, \u00e9s h\u00e1l\u00e1s vagyok Gabinak, hogy t\u00e9nyeken alapul\u00f3, higgadt t\u00e1j\u00e9koztat\u00e1st kaptam ebb\u0151l a k\u00f6nyvb\u0151l, ami meger\u0151s\u00edtett az elhat\u00e1roz\u00e1somban, hogy szeretn\u00e9m megpr\u00f3b\u00e1lni term\u00e9szetes \u00faton megsz\u00fclni a kisbab\u00e1mat, \u00e9s sajn\u00e1lom, hogy az els\u0151\u00a0 sz\u00fcl\u00e9s\u00e9lm\u00e9nyem el\u0151tt nem olvashattam el a cs\u00e1sz\u00e1rmetsz\u00e9sr\u0151l sz\u00f3l\u00f3 fejezet\u00e9t. Nem csak az\u00e9rt, mert hasonl\u00f3 k\u00f6nyv akkor nem ker\u00fclt a kezem \u00fcgy\u00e9be, hanem az\u00e9rt is, mert valami\u00e9rt nem tudtam elk\u00e9pzelni, hogy v\u00e9g\u00fcl velem is ez t\u00f6rt\u00e9nik majd.<\/em><\/p>\n<p><em>Nem dughatjuk homokba a fej\u00fcnket: sajnos ma m\u00e9g sok helyen harcolnunk kell az\u00e9rt, hogy elker\u00fclj\u00fck a sz\u00fcl\u00e9szeti er\u0151szakot, a rossz \u00e9lm\u00e9nyeket. Fel kell<\/em><br \/>\n<em>k\u00e9sz\u00fcln\u00fcnk, tiszt\u00e1ban kell lenn\u00fcnk a lehet\u0151s\u00e9geinkkel. Pontosan az\u00e9rt, hogy a <\/em><em>test\u00fcnk csak tehesse a dolg\u00e1t&#8230;\u201d<\/em><\/p>\n<p style=\"text-align: right;\">Cseke Eszter dokumentumfilmes, \u00fajs\u00e1g\u00edr\u00f3, az On The Spot alkot\u00f3ja<\/p>\n<p>[\/vc_column_text][\/vc_tta_section][\/vc_tta_tabs][\/vc_column][\/vc_row][vc_row][vc_column][vc_column_text]<b><i>A k\u00f6nyv tartalomjegyz\u00e9ke:<\/i><\/b> <a href=\"https:\/\/szuleskonyv.hu\/wp-content\/uploads\/2023\/07\/szuleskonyv_2dik_kiadas_tartalomjegyzek.pdf\" target=\"_blank\" rel=\"noopener\"><img loading=\"lazy\" decoding=\"async\" class=\"alignnone wp-image-80\" src=\"https:\/\/szuleskonyv.hu\/wp-content\/uploads\/2021\/08\/195px-PDF_file_icon.svg_.png\" alt=\"\" width=\"33\" height=\"41\" \/><\/a><\/p>\n<p><strong><em>A k\u00f6nyv el\u0151szava<\/em>:<\/strong> <a href=\"https:\/\/szuleskonyv.hu\/wp-content\/uploads\/2023\/07\/szuleskonyv_2dik_kiadas_eloszo.pdf\" target=\"_blank\" rel=\"noopener\"><img loading=\"lazy\" decoding=\"async\" class=\"alignnone wp-image-80\" src=\"https:\/\/szuleskonyv.hu\/wp-content\/uploads\/2021\/08\/195px-PDF_file_icon.svg_.png\" alt=\"\" width=\"33\" height=\"41\" \/><\/a><\/p>\n<p><b><i>A felhaszn\u00e1lt szakirodalom \u00e9s egy\u00e9b forr\u00e1sok jegyz\u00e9ke: <a href=\"https:\/\/szuleskonyv.hu\/wp-content\/uploads\/2023\/07\/szuleskonyv_2dik_kiadas_forrasjegyzek.pdf\" target=\"_blank\" rel=\"noopener\"><img loading=\"lazy\" decoding=\"async\" class=\"alignnone wp-image-80\" src=\"https:\/\/szuleskonyv.hu\/wp-content\/uploads\/2021\/08\/195px-PDF_file_icon.svg_.png\" alt=\"\" width=\"33\" height=\"41\" \/><\/a><\/i><\/b>[\/vc_column_text][\/vc_column][\/vc_row]<\/p>\n","protected":false},"excerpt":{"rendered":"<p>[vc_row][vc_column][vc_column_text] Sz\u00fcl\u00e9sk\u00f6nyv [\/vc_column_text][\/vc_column][\/vc_row][vc_row bg_color=&#8221;rgba(0,0,0,0.01)&#8221;][vc_column][vc_tta_tabs alignment=&#8221;center&#8221; active_section=&#8221;1&#8243; css_animation=&#8221;none&#8221;][vc_tta_section i_icon_fontawesome=&#8221;fas fa-book-open&#8221; add_icon=&#8221;true&#8221; title=&#8221;Mi ez a k\u00f6nyv?&#8221; tab_id=&#8221;1628856432667-067eb7ce-0159&#8243;][vc_column_text]A Sz\u00fcl\u00e9s, cs\u00e1sz\u00e1rmetsz\u00e9s, VBAC \u2013 Elm\u00e9leti \u00e9s gyakorlati tudnival\u00f3k h\u00fcvelyi sz\u00fcl\u00e9sre \u00e9s cs\u00e1sz\u00e1rmetsz\u00e9sre k\u00e9sz\u00fcl\u0151 n\u0151knek c\u00edm\u0171 k\u00f6nyv t\u00f6bb mint hagyom\u00e1nyos sz\u00fcl\u00e9sfelk\u00e9sz\u00edt\u0151 k\u00f6nyv: szokatlanul sz\u00e9lesk\u00f6r\u0171 elm\u00e9leti \u00e1ttekint\u00e9st \u00e9s a gyakorlatban is haszn\u00e1lhat\u00f3 ismereteket k\u00edn\u00e1l mind sz\u00fcl\u00e9sre k\u00e9sz\u00fcl\u0151, mind cs\u00e1sz\u00e1rmetsz\u00e9s el\u0151tt \u00e1ll\u00f3 n\u0151knek, [&hellip;]<\/p>\n","protected":false},"author":3,"featured_media":0,"parent":0,"menu_order":0,"comment_status":"closed","ping_status":"closed","template":"","meta":{"footnotes":""},"class_list":["post-429","page","type-page","status-publish","hentry"],"aioseo_notices":[],"_links":{"self":[{"href":"https:\/\/szuleskonyv.hu\/index.php\/wp-json\/wp\/v2\/pages\/429","targetHints":{"allow":["GET"]}}],"collection":[{"href":"https:\/\/szuleskonyv.hu\/index.php\/wp-json\/wp\/v2\/pages"}],"about":[{"href":"https:\/\/szuleskonyv.hu\/index.php\/wp-json\/wp\/v2\/types\/page"}],"author":[{"embeddable":true,"href":"https:\/\/szuleskonyv.hu\/index.php\/wp-json\/wp\/v2\/users\/3"}],"replies":[{"embeddable":true,"href":"https:\/\/szuleskonyv.hu\/index.php\/wp-json\/wp\/v2\/comments?post=429"}],"version-history":[{"count":6,"href":"https:\/\/szuleskonyv.hu\/index.php\/wp-json\/wp\/v2\/pages\/429\/revisions"}],"predecessor-version":[{"id":496,"href":"https:\/\/szuleskonyv.hu\/index.php\/wp-json\/wp\/v2\/pages\/429\/revisions\/496"}],"wp:attachment":[{"href":"https:\/\/szuleskonyv.hu\/index.php\/wp-json\/wp\/v2\/media?parent=429"}],"curies":[{"name":"wp","href":"https:\/\/api.w.org\/{rel}","templated":true}]}}