{"id":91,"date":"2021-08-17T10:22:58","date_gmt":"2021-08-17T10:22:58","guid":{"rendered":"https:\/\/szuleskonyv.hu\/?page_id=91"},"modified":"2021-09-01T08:43:39","modified_gmt":"2021-09-01T08:43:39","slug":"adatvedelmi-iranyelvek","status":"publish","type":"page","link":"https:\/\/szuleskonyv.hu\/index.php\/adatvedelmi-iranyelvek\/","title":{"rendered":"ADATKEZEL\u00c9SI T\u00c1J\u00c9KOZTAT\u00d3"},"content":{"rendered":"\r\n<h1 class=\"wp-block-heading\"><b>ADATKEZEL\u00c9SI T\u00c1J\u00c9KOZTAT\u00d3<\/b><\/h1>\r\n<p><span style=\"font-weight: 400;\">Jelen dokumentum tartalmazza <\/span><b>a Kukkapukka Bt.<\/b><span style=\"font-weight: 400;\">, a https:\/\/szuleskonyv.hu\/ oldal (a tov\u00e1bbiakban: <\/span><b>honlap<\/b><span style=\"font-weight: 400;\">) \u00fczemeltet\u0151j\u00e9nek (a tov\u00e1bbiakban: <\/span><b>adatkezel\u0151<\/b><span style=\"font-weight: 400;\">) t\u00e1j\u00e9koztat\u00e1s\u00e1t az oldalon szem\u00e9lyes adatot megad\u00f3 szem\u00e9lyek (a tov\u00e1bbiakban: <\/span><b>\u00e9rintett<\/b><span style=\"font-weight: 400;\">) tekintet\u00e9ben a megadott szem\u00e9lyes adatok kezel\u00e9s\u00e9vel kapcsolatban.<\/span><\/p>\r\n<p><span style=\"font-weight: 400;\">El\u00e9rhet\u0151s\u00e9geink:<\/span><\/p>\r\n<p><span style=\"font-weight: 400;\">&#8211; postac\u00edm: 1141 Budapest, M\u00e1lyva u. 30.<\/span><\/p>\r\n<p><i><span style=\"font-weight: 400;\">&#8211; <\/span><\/i><span style=\"font-weight: 400;\">e-mailc\u00edm: szuleskonyv@gmail.com<\/span><\/p>\r\n<p><span style=\"font-weight: 400;\">&#8211; telefonsz\u00e1m: +3620 321-6788<\/span><\/p>\r\n<p><span style=\"font-weight: 400;\">Az adatkezel\u00e9si t\u00e1j\u00e9koztat\u00f3 a 2016\/679 sz\u00e1m\u00fa \u00c1ltal\u00e1nos adatv\u00e9delmi rendelet (a tov\u00e1bbiakban: Rendelet) szab\u00e1lyaival \u00f6sszhangban k\u00e9sz\u00fclt.<\/span><\/p>\r\n<h2><b>1. Adatkezel\u00e9si esetk\u00f6r\u00f6k le\u00edr\u00e1sa, az adatkezel\u00e9s c\u00e9lja, ideje \u00e9s a kezelt adatok k\u00f6re<\/b><\/h2>\r\n<p><span style=\"font-weight: 400;\">H\u00e1romf\u00e9le c\u00e9llal kezel\u00fcnk adatokat, az adatkezel\u00e9s jogalapja valamennyi esetben az \u00e9rintett kifejezett hozz\u00e1j\u00e1rul\u00e1sa. A kezelt adatok k\u00f6re \u00e9s az adatkezel\u00e9s c\u00e9lja, jogalapja \u00e9s id\u0151tartama a k\u00f6vetkez\u0151.<\/span><\/p>\r\n<p><b>A) Megrendel\u0151 \u0171rlap<\/b><\/p>\r\n<p><span style=\"font-weight: 400;\">Lehet\u0151s\u00e9get biztos\u00edtunk az \u00e9rintett sz\u00e1m\u00e1ra, hogy a honlapon kereszt\u00fcl, a megrendel\u0151 \u0171rlap kit\u00f6lt\u00e9s\u00e9vel \u00e9s elk\u00fcld\u00e9s\u00e9vel megrendelje a <\/span><i><span style=\"font-weight: 400;\">Sz\u00fcl\u00e9s, cs\u00e1sz\u00e1rmetsz\u00e9s, VBAC \u2013 Elm\u00e9leti \u00e9s gyakorlati tudnival\u00f3k h\u00fcvelyi sz\u00fcl\u00e9sre \u00e9s cs\u00e1sz\u00e1rmetsz\u00e9sre k\u00e9sz\u00fcl\u0151 n\u0151knek c\u00edm\u0171 k\u00f6nyvet. <\/span><\/i><span style=\"font-weight: 400;\">Az \u0171rlapon az al\u00e1bbi adatokat kell megadnia: n\u00e9v, c\u00e9g eset\u00e9n c\u00e9gn\u00e9v \u00e9s ad\u00f3sz\u00e1m, e-mailc\u00edm, telefonsz\u00e1m, sz\u00e1ml\u00e1z\u00e1si c\u00edm, valamint a k\u00f6nyv \u00e1tv\u00e9tel\u00e9vel, illetve sz\u00e1ll\u00edt\u00e1s\u00e1nak m\u00f3dj\u00e1val kapcsolatos adatok.<\/span><\/p>\r\n<p><span style=\"font-weight: 400;\">Az adatokat a megrendel\u00e9s teljes\u00edt\u00e9se, a d\u00edjbek\u00e9r\u0151 lev\u00e9l \u00e9s a sz\u00e1mla elk\u00e9sz\u00edt\u00e9se \u00e9rdek\u00e9ben, valamint k\u00f6nyvelad\u00e1si statisztika k\u00e9sz\u00edt\u00e9se \u00e9rdek\u00e9ben kezelj\u00fck (ez ut\u00f3bbit l\u00e1sd a C) pontban).<\/span><\/p>\r\n<p><b>A kezelt adatok<\/b><\/p>\r\n<p><span style=\"font-weight: 400;\">A honlapon megv\u00e9telre k\u00edn\u00e1lt k\u00f6nyv megrendel\u00e9s\u00e9hez \u00e9s a megrendel\u00e9s teljes\u00edt\u00e9s\u00e9hez, valamint a sz\u00e1mlaad\u00e1shoz sz\u00fcks\u00e9ges adatok: n\u00e9v; c\u00e9g eset\u00e9n c\u00e9gn\u00e9v \u00e9s ad\u00f3sz\u00e1m; e-mailc\u00edm; telefonsz\u00e1m; sz\u00e1ml\u00e1z\u00e1si c\u00edm; sz\u00e1ll\u00edt\u00e1si c\u00edm; a megrendelt k\u00f6nyv darabsz\u00e1ma; nyilatkozat a sz\u00e1ll\u00edt\u00e1s m\u00f3dj\u00e1r\u00f3l vagy a szem\u00e9lyes \u00e1tv\u00e9telr\u0151l.<\/span><\/p>\r\n<p><b>Az adatkezel\u00e9s jogalapja<\/b><\/p>\r\n<p><span style=\"font-weight: 400;\">Az adatkezel\u00e9s jogalapja a Rendelet 6. cikk (1) bekezd\u00e9s a) pontja alapj\u00e1n az \u00e9rintett hozz\u00e1j\u00e1rul\u00e1sa.<\/span><\/p>\r\n<p><b>Az adatkezel\u00e9s id\u0151tartama<\/b><\/p>\r\n<p><span style=\"font-weight: 400;\">Az adatokat a megrendel\u00e9s teljes\u00edt\u00e9s\u00e9hez, valamint a sz\u00e1mla elk\u00e9sz\u00edt\u00e9s\u00e9hez, elk\u00fcld\u00e9s\u00e9hez sz\u00fcks\u00e9ges ideig kezelj\u00fck, \u00e9s az esetleges reklam\u00e1ci\u00f3k, sz\u00e1ll\u00edt\u00e1si probl\u00e9m\u00e1k orvosl\u00e1sa c\u00e9lj\u00e1b\u00f3l a megrendel\u00e9st\u0151l sz\u00e1m\u00edtott 30 napig meg\u0151rizz\u00fck. Azt k\u00f6vet\u0151en az adatok k\u00f6z\u00fcl az al\u00e1bbiakat t\u00f6r\u00f6lj\u00fck: c\u00e9g ad\u00f3sz\u00e1ma; e-mailc\u00edm; telefonsz\u00e1m; sz\u00e1ml\u00e1z\u00e1si c\u00edm; a sz\u00e1ll\u00edt\u00e1si c\u00edmb\u0151l az utcan\u00e9v \u00e9s h\u00e1zsz\u00e1m. (A t\u00f6bbi adat kapcs\u00e1n l\u00e1sd a C) pontot.)<\/span><\/p>\r\n<p><b>B) Olvas\u00f3i visszajelz\u00e9sek<\/b><\/p>\r\n<p><span style=\"font-weight: 400;\">Amennyiben ehhez az \u00e9rintett k\u00fcl\u00f6n, \u00edr\u00e1sban kifejezetten hozz\u00e1j\u00e1rul, akkor az \u00e1ltala a <\/span><a href=\"mailto:szuleskonyv@gmail.com\"><span style=\"font-weight: 400;\">szuleskonyv@gmail.com<\/span><\/a><span style=\"font-weight: 400;\"> e-mailc\u00edmre k\u00fcld\u00f6tt olvas\u00f3i visszajelz\u00e9st, \u00e9lm\u00e9nybesz\u00e1mol\u00f3t, vagy annak az \u00e9rintettel egyeztetett r\u00e9szlet\u00e9t k\u00f6zz\u00e9tessz\u00fck a honlap Olvas\u00f3i visszajelz\u00e9sek men\u00fcpontja alatt.<\/span><\/p>\r\n<p><b>A kezelt adatok<\/b><\/p>\r\n<p><span style=\"font-weight: 400;\">Az \u00e9rintett neve, \u201eszerepk\u00f6re\u201d (pl. kismama, d\u00fala, sz\u00fcl\u00e9szorvos stb.), e-mailc\u00edme, visszajelz\u00e9s\u00e9nek sz\u00f6vege. A honlap Olvas\u00f3i visszajelz\u00e9sek men\u00fcpontj\u00e1ban a visszajelz\u00e9s sz\u00f6vege alatt az \u00e9rintett vezet\u00e9k- \u00e9s keresztneve \u00e9s \u201eszerepk\u00f6re\u201d, illetve az \u00e9rintett ilyen ir\u00e1ny\u00fa k\u00edv\u00e1ns\u00e1ga eset\u00e9n csak a keresztneve \u00e9s \u201eszerepk\u00f6re\u201d szerepel.<\/span><\/p>\r\n<p><b>Az adatkezel\u00e9s jogalapja<\/b><\/p>\r\n<p><span style=\"font-weight: 400;\">Az adatkezel\u00e9s jogalapja a Rendelet 6. cikk (1) bekezd\u00e9s a) pontja alapj\u00e1n az \u00e9rintett hozz\u00e1j\u00e1rul\u00e1sa.<\/span><\/p>\r\n<p><b>Az adatkezel\u00e9s id\u0151tartama<\/b><\/p>\r\n<p><span style=\"font-weight: 400;\">Az adatokat addig kezelj\u00fck, am\u00edg az adott olvas\u00f3i visszajelz\u00e9s a honlapon szerepel.<\/span><\/p>\r\n<p><b>C) Statisztikai c\u00e9l\u00fa adatkezel\u00e9s<\/b><\/p>\r\n<p><span style=\"font-weight: 400;\">Statisztik\u00e1t k\u00e9sz\u00edt\u00fcnk arr\u00f3l, hogy milyen \u00fctemben, mennyis\u00e9gben \u00e9s f\u00f6ldrajzi megoszl\u00e1sban fogy a k\u00f6nyv. A statisztika kiz\u00e1r\u00f3lag az adatkezel\u0151 saj\u00e1t c\u00e9lj\u00e1ra k\u00e9sz\u00fcl.<\/span><\/p>\r\n<p><b>A kezelt adatok<\/b><\/p>\r\n<p><span style=\"font-weight: 400;\">A k\u00f6nyv elad\u00e1si statisztik\u00e1j\u00e1nak elk\u00e9sz\u00edt\u00e9se c\u00e9lj\u00e1b\u00f3l az A) pontban felsorolt adatok k\u00f6z\u00fcl az al\u00e1bbiakat \u0151rizz\u00fck meg: n\u00e9v; c\u00e9g eset\u00e9n c\u00e9gn\u00e9v; a sz\u00e1ll\u00edt\u00e1si c\u00edmb\u0151l a v\u00e1ros (szem\u00e9lyes \u00e1tv\u00e9tel eset\u00e9n a sz\u00e1ml\u00e1z\u00e1si c\u00edmben szerepl\u0151 v\u00e1ros); a megrendelt k\u00f6nyv darabsz\u00e1ma.<\/span><\/p>\r\n<p><b>Adatkezel\u00e9s jogalapja<\/b><\/p>\r\n<p><span style=\"font-weight: 400;\">Az adatkezel\u00e9s jogalapja a Rendelet 6. cikk (1) bekezd\u00e9s a) pontja alapj\u00e1n az \u00e9rintett hozz\u00e1j\u00e1rul\u00e1sa.<\/span><\/p>\r\n<p><b>Adatkezel\u00e9s id\u0151tartama<\/b><\/p>\r\n<p><span style=\"font-weight: 400;\">Az adatokat addig kezelj\u00fck, am\u00edg a 2021. augusztus 3-\u00e1n kinyomtatott 1000 k\u00f6nyv el nem fogy, de legfeljebb 2022. augusztus 20-\u00e1ig. Azt k\u00f6vet\u0151en a szem\u00e9lyes adatok t\u00f6rl\u00e9sre ker\u00fclnek, a statisztika anonimiz\u00e1lt form\u00e1ban marad meg.<\/span><\/p>\r\n<h2><b>2. Adatfeldolgoz\u00f3k<\/b><\/h2>\r\n<p><span style=\"font-weight: 400;\">Az adatok kezel\u00e9se sor\u00e1n adatfeldolgoz\u00f3k\u00e9nt a BIT Monkey Creative Group Kft-t (sz\u00e9khelye: 4030 Debrecen, Cser utca 15.; <\/span><a href=\"mailto:hello@bitmonkey.hu\"><span style=\"font-weight: 400;\">hello@bitmonkey.hu<\/span><\/a><span style=\"font-weight: 400;\">) vessz\u00fck ig\u00e9nybe, amely a t\u00e1rhelyszolg\u00e1ltat\u00e1st v\u00e9gzi.\u00a0<\/span><\/p>\r\n<h2><b>3. Az \u00e9rintett jogai az adatkezel\u00e9ssel kapcsolatban<\/b><\/h2>\r\n<p><span style=\"font-weight: 400;\">Az adatkezel\u00e9s id\u0151tartam\u00e1n bel\u00fcl az \u00e9rintettet a Rendelet el\u0151\u00edr\u00e1sai szerint az al\u00e1bbi jogok illetik meg:<\/span><\/p>\r\n<ul>\r\n<li style=\"font-weight: 400;\" aria-level=\"1\"><span style=\"font-weight: 400;\">szem\u00e9lyes adatokhoz \u00e9s az adatkezel\u00e9ssel kapcsolatos inform\u00e1ci\u00f3khoz val\u00f3 hozz\u00e1f\u00e9r\u00e9s,\u00a0<\/span><\/li>\r\n<li style=\"font-weight: 400;\" aria-level=\"1\"><span style=\"font-weight: 400;\">helyesb\u00edt\u00e9shez val\u00f3 jog,\u00a0<\/span><\/li>\r\n<li style=\"font-weight: 400;\" aria-level=\"1\"><span style=\"font-weight: 400;\">adatkezel\u00e9s korl\u00e1toz\u00e1sa,\u00a0<\/span><\/li>\r\n<li style=\"font-weight: 400;\" aria-level=\"1\"><span style=\"font-weight: 400;\">t\u00f6rl\u00e9shez val\u00f3 jog,\u00a0<\/span><\/li>\r\n<li style=\"font-weight: 400;\" aria-level=\"1\"><span style=\"font-weight: 400;\">hordozhat\u00f3s\u00e1ghoz val\u00f3 jog,\u00a0<\/span><\/li>\r\n<li style=\"font-weight: 400;\" aria-level=\"1\"><span style=\"font-weight: 400;\">tiltakoz\u00e1shoz val\u00f3 jog,\u00a0<\/span><\/li>\r\n<li style=\"font-weight: 400;\" aria-level=\"1\"><span style=\"font-weight: 400;\">hozz\u00e1j\u00e1rul\u00e1s visszavon\u00e1si joga.\u00a0<\/span><\/li>\r\n<\/ul>\r\n<p><span style=\"font-weight: 400;\">Amennyiben az \u00e9rintett jogaival \u00e9lni k\u00edv\u00e1n, az az azonos\u00edt\u00e1s\u00e1val j\u00e1r egy\u00fctt, valamint az \u00e9rintettel sz\u00fcks\u00e9gszer\u0171en kommunik\u00e1lnunk kell. Ez\u00e9rt az azonos\u00edt\u00e1s \u00e9rdek\u00e9ben szem\u00e9lyes adatok megad\u00e1s\u00e1ra lesz sz\u00fcks\u00e9g (de az azonos\u00edt\u00e1s csak olyan adaton alapulhat, amelyet egy\u00e9bk\u00e9nt is kezel\u00fcnk az \u00e9rintettr\u0151l), valamint az e-mail fi\u00f3kunkban el\u00e9rhet\u0151 lesz az \u00e9rintett adatkezel\u00e9ssel kapcsolatos panasza a jelen t\u00e1j\u00e9koztat\u00f3ban a panaszokkal kapcsolatban megjel\u00f6lt id\u0151tartamon bel\u00fcl.<\/span><\/p>\r\n<p><span style=\"font-weight: 400;\">Az adatkezel\u00e9ssel kapcsolatos panaszokat legk\u00e9s\u0151bb 30 napon bel\u00fcl v\u00e1laszoljuk meg.<\/span><\/p>\r\n<h2><b>3.1. A hozz\u00e1j\u00e1rul\u00e1s visszavon\u00e1s\u00e1nak joga<\/b><\/h2>\r\n<p><span style=\"font-weight: 400;\">Az \u00e9rintett b\u00e1rmikor jogosult az adatkezel\u00e9shez adott hozz\u00e1j\u00e1rul\u00e1st visszavonni, ilyen esetben a megadott adatokat rendszereinkb\u0151l t\u00f6r\u00f6lj\u00fck.<\/span><\/p>\r\n<h2><b>3.2. A szem\u00e9lyes adatokhoz \u00e9s inform\u00e1ci\u00f3khoz val\u00f3 hozz\u00e1f\u00e9r\u00e9s<\/b><\/h2>\r\n<p><span style=\"font-weight: 400;\">Az \u00e9rintett jogosult arra, hogy visszajelz\u00e9st kapjon arra vonatkoz\u00f3an, hogy szem\u00e9lyes adatainak kezel\u00e9se folyamatban van-e, \u00e9s ha adatkezel\u00e9s folyamatban van, jogosult arra, hogy:<\/span><\/p>\r\n<ul>\r\n<li style=\"font-weight: 400;\" aria-level=\"1\"><span style=\"font-weight: 400;\">a kezelt szem\u00e9lyes adatokhoz hozz\u00e1f\u00e9r\u00e9st kapjon \u00e9s\u00a0<\/span><\/li>\r\n<li style=\"font-weight: 400;\" aria-level=\"1\"><span style=\"font-weight: 400;\">a k\u00f6vetkez\u0151 inform\u00e1ci\u00f3kr\u00f3l t\u00e1j\u00e9koztassuk:\u00a0<\/span>\r\n<ul>\r\n<li style=\"font-weight: 400;\" aria-level=\"2\"><span style=\"font-weight: 400;\">az adatkezel\u00e9s c\u00e9ljai;\u00a0<\/span><\/li>\r\n<li style=\"font-weight: 400;\" aria-level=\"2\"><span style=\"font-weight: 400;\">az \u00e9rintettr\u0151l kezelt szem\u00e9lyes adatok kateg\u00f3ri\u00e1i;\u00a0<\/span><\/li>\r\n<li style=\"font-weight: 400;\" aria-level=\"2\"><span style=\"font-weight: 400;\">inform\u00e1ci\u00f3 azon c\u00edmzettekr\u0151l vagy c\u00edmzettek kateg\u00f3ri\u00e1ir\u00f3l, akikkel, illetve amelyekkel a szem\u00e9lyes adatokat k\u00f6z\u00f6lt\u00fck vagy k\u00f6z\u00f6lni fogjuk;\u00a0<\/span><\/li>\r\n<li style=\"font-weight: 400;\" aria-level=\"2\"><span style=\"font-weight: 400;\">a szem\u00e9lyes adatok t\u00e1rol\u00e1s\u00e1nak tervezett id\u0151tartama, vagy ha ez nem lehets\u00e9ges, ezen id\u0151tartam meghat\u00e1roz\u00e1s\u00e1nak szempontjai;\u00a0<\/span><\/li>\r\n<li style=\"font-weight: 400;\" aria-level=\"2\"><span style=\"font-weight: 400;\">az \u00e9rintett azon joga, hogy k\u00e9relmezheti a r\u00e1 vonatkoz\u00f3 szem\u00e9lyes adatok helyesb\u00edt\u00e9s\u00e9t, t\u00f6rl\u00e9s\u00e9t vagy kezel\u00e9s\u00e9nek korl\u00e1toz\u00e1s\u00e1t, \u00e9s jogos \u00e9rdeken alapul\u00f3 adatkezel\u00e9s eset\u00e9n tiltakozhat az ilyen szem\u00e9lyes adatok kezel\u00e9se ellen;\u00a0<\/span><\/li>\r\n<li style=\"font-weight: 400;\" aria-level=\"2\"><span style=\"font-weight: 400;\">a fel\u00fcgyeleti hat\u00f3s\u00e1ghoz c\u00edmzett panasz beny\u00fajt\u00e1s\u00e1nak joga;\u00a0<\/span><\/li>\r\n<li style=\"font-weight: 400;\" aria-level=\"2\"><span style=\"font-weight: 400;\">ha az adatokat nem az \u00e9rintett\u0151l gy\u0171jt\u00f6tt\u00e9k be, a forr\u00e1sukra vonatkoz\u00f3 minden el\u00e9rhet\u0151 inform\u00e1ci\u00f3;\u00a0<\/span><\/li>\r\n<li style=\"font-weight: 400;\" aria-level=\"2\"><span style=\"font-weight: 400;\">az automatiz\u00e1lt d\u00f6nt\u00e9shozatal t\u00e9ny\u00e9r\u0151l (ha alkalmazott ilyen elj\u00e1r\u00e1s), ide\u00e9rtve a profilalkot\u00e1st is, valamint legal\u00e1bb ezekben az esetekben az alkalmazott logik\u00e1ra \u00e9s arra vonatkoz\u00f3an \u00e9rthet\u0151 inform\u00e1ci\u00f3kat, hogy az ilyen adatkezel\u00e9s milyen jelent\u0151s\u00e9ggel, \u00e9s az \u00e9rintettre n\u00e9zve milyen v\u00e1rhat\u00f3 k\u00f6vetkezm\u00e9nyekkel b\u00edr.\u00a0<\/span><\/li>\r\n<\/ul>\r\n<\/li>\r\n<\/ul>\r\n<p><span style=\"font-weight: 400;\">A jog gyakorl\u00e1s\u00e1nak c\u00e9lja az adatkezel\u00e9s jogszer\u0171s\u00e9g\u00e9nek meg\u00e1llap\u00edt\u00e1s\u00e1ra \u00e9s ellen\u0151rz\u00e9s\u00e9re ir\u00e1nyulhat, ez\u00e9rt t\u00f6bbsz\u00f6ri t\u00e1j\u00e9koztat\u00e1sk\u00e9r\u00e9s eset\u00e9n m\u00e9lt\u00e1nyos k\u00f6lts\u00e9gt\u00e9r\u00edt\u00e9st sz\u00e1molhatunk fel a t\u00e1j\u00e9koztat\u00e1s teljes\u00edt\u00e9s\u00e9\u00e9rt cser\u00e9be.<\/span><\/p>\r\n<p><span style=\"font-weight: 400;\">A szem\u00e9lyes adatokhoz val\u00f3 hozz\u00e1f\u00e9r\u00e9st \u00fagy biztos\u00edtjuk, hogy az \u00e9rintett azonos\u00edt\u00e1s\u00e1t k\u00f6vet\u0151en e-mailben juttatjuk el hozz\u00e1 a kezelt szem\u00e9lyes adatokat \u00e9s az inform\u00e1ci\u00f3kat.<\/span><\/p>\r\n<p><span style=\"font-weight: 400;\">K\u00e9rj\u00fck, hogy k\u00e9relm\u00e9ben jel\u00f6lje meg, hogy a szem\u00e9lyes adatokhoz k\u00e9r hozz\u00e1f\u00e9r\u00e9st, vagy az adatkezel\u00e9ssel kapcsolatos inform\u00e1ci\u00f3kat k\u00e9ri.<\/span><\/p>\r\n<h2><b>3.3. Helyesb\u00edt\u00e9shez val\u00f3 jog<\/b><\/h2>\r\n<p><span style=\"font-weight: 400;\">Az \u00e9rintett jogosult arra, hogy k\u00e9r\u00e9s\u00e9re k\u00e9sedelem n\u00e9lk\u00fcl helyesb\u00edts\u00fck a r\u00e1 vonatkoz\u00f3 pontatlan szem\u00e9lyes adatokat.<\/span><\/p>\r\n<h2><b>3.4. Adatkezel\u00e9s korl\u00e1toz\u00e1s\u00e1hoz val\u00f3 jog<\/b><\/h2>\r\n<p><span style=\"font-weight: 400;\">Az \u00e9rintett jogosult arra, hogy k\u00e9r\u00e9s\u00e9re korl\u00e1tozzuk az adatkezel\u00e9st, ha az al\u00e1bbiak valamelyike teljes\u00fcl:<\/span><\/p>\r\n<ul>\r\n<li style=\"font-weight: 400;\" aria-level=\"1\"><span style=\"font-weight: 400;\">az \u00e9rintett vitatja a szem\u00e9lyes adatok pontoss\u00e1g\u00e1t, ez esetben a korl\u00e1toz\u00e1s arra az id\u0151tartamra vonatkozik, amely lehet\u0151v\u00e9 teszi, hogy ellen\u0151rizz\u00fck a szem\u00e9lyes adatok pontoss\u00e1g\u00e1t, ha az ellen\u0151rz\u00e9sre nincs sz\u00fcks\u00e9g, akkor korl\u00e1toz\u00e1st sem alkalmazunk;\u00a0<\/span><\/li>\r\n<li style=\"font-weight: 400;\" aria-level=\"1\"><span style=\"font-weight: 400;\">az adatkezel\u00e9s jogellenes, \u00e9s az \u00e9rintett ellenzi az adatok t\u00f6rl\u00e9s\u00e9t, \u00e9s ehelyett k\u00e9ri azok felhaszn\u00e1l\u00e1s\u00e1nak korl\u00e1toz\u00e1s\u00e1t;\u00a0<\/span><\/li>\r\n<li style=\"font-weight: 400;\" aria-level=\"1\"><span style=\"font-weight: 400;\">m\u00e1r nincs sz\u00fcks\u00e9g\u00fcnk a szem\u00e9lyes adatokra a megjel\u00f6lt adatkezel\u00e9s c\u00e9lj\u00e1b\u00f3l, de az \u00e9rintett ig\u00e9nyli azokat jogi ig\u00e9nyek el\u0151terjeszt\u00e9s\u00e9hez, \u00e9rv\u00e9nyes\u00edt\u00e9s\u00e9hez vagy v\u00e9delm\u00e9hez; vagy\u00a0<\/span><\/li>\r\n<li style=\"font-weight: 400;\" aria-level=\"1\"><span style=\"font-weight: 400;\">az \u00e9rintett tiltakozott az adatkezel\u00e9s ellen, de jogos \u00e9rdek\u00fcnk is megalapozhatja az adatkezel\u00e9st, ez esetben, am\u00edg meg\u00e1llap\u00edt\u00e1sra nem ker\u00fcl, hogy jogos indokaink els\u0151bbs\u00e9get \u00e9lveznek-e az \u00e9rintett jogos indokaival szemben, az adatkezel\u00e9st korl\u00e1tozni kell.<\/span><\/li>\r\n<\/ul>\r\n<p><span style=\"font-weight: 400;\">Ha az adatkezel\u00e9s korl\u00e1toz\u00e1s al\u00e1 esik, az ilyen szem\u00e9lyes adatokat a t\u00e1rol\u00e1s kiv\u00e9tel\u00e9vel csak az \u00e9rintett hozz\u00e1j\u00e1rul\u00e1s\u00e1val, vagy jogi ig\u00e9nyek el\u0151terjeszt\u00e9s\u00e9hez, \u00e9rv\u00e9nyes\u00edt\u00e9s\u00e9hez vagy v\u00e9delm\u00e9hez, vagy m\u00e1s term\u00e9szetes vagy jogi szem\u00e9ly jogainak v\u00e9delme \u00e9rdek\u00e9ben, vagy az Uni\u00f3, illetve valamely tag\u00e1llam fontos k\u00f6z\u00e9rdek\u00e9b\u0151l lehet kezelni.<\/span><\/p>\r\n<p><span style=\"font-weight: 400;\">Az adatkezel\u00e9s korl\u00e1toz\u00e1s\u00e1nak felold\u00e1s\u00e1r\u00f3l el\u0151zetesen (legal\u00e1bb a korl\u00e1toz\u00e1s felold\u00e1sa el\u0151tt 3 munkanappal) t\u00e1j\u00e9koztatjuk az \u00e9rintettet.<\/span><\/p>\r\n<h2><b>3.5. T\u00f6rl\u00e9shez \u2013 elfeledtet\u00e9shez val\u00f3 jog<\/b><\/h2>\r\n<p><span style=\"font-weight: 400;\">Az \u00e9rintett jogosult arra, hogy indokolatlan k\u00e9sedelem n\u00e9lk\u00fcl t\u00f6r\u00f6lj\u00fck a r\u00e1 vonatkoz\u00f3 szem\u00e9lyes adatokat, ha az al\u00e1bbi indokok valamelyike fenn\u00e1ll:<\/span><\/p>\r\n<ul>\r\n<li style=\"font-weight: 400;\" aria-level=\"1\"><span style=\"font-weight: 400;\">a szem\u00e9lyes adatokra m\u00e1r nincs sz\u00fcks\u00e9g abb\u00f3l a c\u00e9lb\u00f3l, amelyb\u0151l azokat gy\u0171jt\u00f6tt\u00fck vagy kezelt\u00fck;\u00a0<\/span><\/li>\r\n<li style=\"font-weight: 400;\" aria-level=\"1\"><span style=\"font-weight: 400;\">az \u00e9rintett visszavonja hozz\u00e1j\u00e1rul\u00e1s\u00e1t \u00e9s az adatkezel\u00e9snek nincs m\u00e1s jogalapja;\u00a0<\/span><\/li>\r\n<li style=\"font-weight: 400;\" aria-level=\"1\"><span style=\"font-weight: 400;\">az \u00e9rintett tiltakozik a jogos \u00e9rdeken alapul\u00f3 adatkezel\u00e9s ellen, \u00e9s nincs els\u0151bbs\u00e9get \u00e9lvez\u0151 jogszer\u0171 ok (azaz jogos \u00e9rdek) az adatkezel\u00e9sre,\u00a0<\/span><\/li>\r\n<li style=\"font-weight: 400;\" aria-level=\"1\"><span style=\"font-weight: 400;\">a szem\u00e9lyes adatokat jogellenesen kezelt\u00fck \u00e9s ez a panasz alapj\u00e1n meg\u00e1llap\u00edt\u00e1st nyert,\u00a0<\/span><\/li>\r\n<li style=\"font-weight: 400;\" aria-level=\"1\"><span style=\"font-weight: 400;\">a szem\u00e9lyes adatokat a r\u00e1nk alkalmazand\u00f3 uni\u00f3s vagy tag\u00e1llami jogban el\u0151\u00edrt jogi k\u00f6telezetts\u00e9g teljes\u00edt\u00e9s\u00e9hez t\u00f6r\u00f6lni kell.\u00a0<\/span><\/li>\r\n<\/ul>\r\n<p><span style=\"font-weight: 400;\">Ha b\u00e1rmely jogszer\u0171 okn\u00e1l fogva nyilv\u00e1noss\u00e1gra hoztuk az \u00e9rintettr\u0151l kezelt szem\u00e9lyes adatot, \u00e9s b\u00e1rmely fent megjel\u00f6lt okb\u00f3l t\u00f6r\u00f6lni vagyunk k\u00f6telesek azt, az el\u00e9rhet\u0151 technol\u00f3gia \u00e9s a megval\u00f3s\u00edt\u00e1s k\u00f6lts\u00e9geinek figyelembev\u00e9tel\u00e9vel megtessz\u00fck az \u00e9szszer\u0171en elv\u00e1rhat\u00f3 l\u00e9p\u00e9seket \u2013 ide\u00e9rtve technikai int\u00e9zked\u00e9seket \u2013 annak \u00e9rdek\u00e9ben, hogy t\u00e1j\u00e9koztassuk az adatokat kezel\u0151 m\u00e1s adatkezel\u0151ket, hogy az \u00e9rintett k\u00e9relmezte a sz\u00f3ban forg\u00f3 szem\u00e9lyes adatokra mutat\u00f3 linkek vagy e szem\u00e9lyes adatok m\u00e1solat\u00e1nak, illetve m\u00e1sodp\u00e9ld\u00e1ny\u00e1nak t\u00f6rl\u00e9s\u00e9t. F\u0151szab\u00e1lyk\u00e9nt az \u00e9rintett szem\u00e9lyes adatait nem hozzuk nyilv\u00e1noss\u00e1gra.<\/span><\/p>\r\n<p><span style=\"font-weight: 400;\">A t\u00f6rl\u00e9s nem alkalmazand\u00f3, amennyiben az adatkezel\u00e9s sz\u00fcks\u00e9ges:<\/span><\/p>\r\n<ul>\r\n<li style=\"font-weight: 400;\" aria-level=\"1\"><span style=\"font-weight: 400;\">a v\u00e9lem\u00e9nynyilv\u00e1n\u00edt\u00e1s szabads\u00e1g\u00e1hoz \u00e9s a t\u00e1j\u00e9koz\u00f3d\u00e1shoz val\u00f3 jog gyakorl\u00e1sa c\u00e9lj\u00e1b\u00f3l;\u00a0<\/span><\/li>\r\n<li style=\"font-weight: 400;\" aria-level=\"1\"><span style=\"font-weight: 400;\">a szem\u00e9lyes adatok kezel\u00e9s\u00e9t el\u0151\u00edr\u00f3, a r\u00e1nk alkalmazand\u00f3 uni\u00f3s vagy tag\u00e1llami jog szerinti k\u00f6telezetts\u00e9g teljes\u00edt\u00e9se (ilyen eset a sz\u00e1ml\u00e1z\u00e1s keret\u00e9ben megval\u00f3sul\u00f3 adatkezel\u00e9s, mivel a sz\u00e1mla meg\u0151rz\u00e9s\u00e9t jogszab\u00e1ly \u00edrja el\u0151), illetve k\u00f6z\u00e9rdekb\u0151l vagy az adatkezel\u0151re ruh\u00e1zott k\u00f6zhatalmi jogos\u00edtv\u00e1ny gyakorl\u00e1sa keret\u00e9ben v\u00e9gzett feladat v\u00e9grehajt\u00e1sa c\u00e9lj\u00e1b\u00f3l;\u00a0<\/span><\/li>\r\n<li style=\"font-weight: 400;\" aria-level=\"1\"><span style=\"font-weight: 400;\">jogi ig\u00e9nyek el\u0151terjeszt\u00e9s\u00e9hez, \u00e9rv\u00e9nyes\u00edt\u00e9s\u00e9hez, illetve v\u00e9delm\u00e9hez (pl.: ha az \u00e9rintett fel\u00e9 k\u00f6vetel\u00e9s\u00fcnk \u00e1ll fenn \u00e9s azt m\u00e9g nem teljes\u00edtette, vagy fogyaszt\u00f3i, adatkezel\u00e9si panasz int\u00e9z\u00e9se van folyamatban).\u00a0<\/span><\/li>\r\n<\/ul>\r\n<h2><b>3.6. Tiltakoz\u00e1shoz val\u00f3 jog<\/b><\/h2>\r\n<p><span style=\"font-weight: 400;\">Az \u00e9rintett jogosult arra, hogy a saj\u00e1t helyzet\u00e9vel kapcsolatos okokb\u00f3l b\u00e1rmikor tiltakozzon szem\u00e9lyes adatainak jogos \u00e9rdeken alapul\u00f3 kezel\u00e9se ellen. Ezesetben a szem\u00e9lyes adatokat nem kezelhetj\u00fck tov\u00e1bb, kiv\u00e9ve, ha az bizony\u00edtjuk, hogy az adatkezel\u00e9st olyan k\u00e9nyszer\u00edt\u0151 erej\u0171 jogos okok indokolj\u00e1k, amelyek els\u0151bbs\u00e9get \u00e9lveznek az \u00e9rintett \u00e9rdekeivel, jogaival \u00e9s szabads\u00e1gaival szemben, vagy amelyek jogi ig\u00e9nyek el\u0151terjeszt\u00e9s\u00e9hez, \u00e9rv\u00e9nyes\u00edt\u00e9s\u00e9hez vagy v\u00e9delm\u00e9hez kapcsol\u00f3dnak.<\/span><\/p>\r\n<h2><b>3.7. Hordozhat\u00f3s\u00e1ghoz val\u00f3 jog<\/b><\/h2>\r\n<p><span style=\"font-weight: 400;\">Amennyiben az adatkezel\u00e9s szerz\u0151d\u00e9s teljes\u00edt\u00e9s\u00e9hez sz\u00fcks\u00e9ges, vagy az adatkezel\u00e9s az \u00e9rintett \u00f6nk\u00e9ntes hozz\u00e1j\u00e1rul\u00e1s\u00e1n alapul, az \u00e9rintettnek joga van arra, hogy k\u00e9rje, hogy az \u00e1ltala a r\u00e9sz\u00fcnkre megadott adatokat g\u00e9pileg \u00e9rtelmezhet\u0151 form\u00e1ban megkapja, amit txt form\u00e1tumban bocs\u00e1tunk a rendelkez\u00e9s\u00e9re, illetve ha ez technikailag megval\u00f3s\u00edthat\u00f3, akkor az \u00e9rintett k\u00e9rheti, hogy az adatokat ebben a form\u00e1ban m\u00e1s adatkezel\u0151 sz\u00e1m\u00e1ra tov\u00e1bb\u00edtsuk.<\/span><\/p>\r\n<h2><b>3.8. Jogorvoslati lehet\u0151s\u00e9gek<\/b><\/h2>\r\n<p><span style=\"font-weight: 400;\">Amennyiben az \u00e9rintett szerint megs\u00e9rtett\u00fck valamely, az adatkezel\u00e9sre vonatkoz\u00f3 t\u00f6rv\u00e9nyi rendelkez\u00e9st, vagy nem teljes\u00edtett\u00fck valamely k\u00e9relm\u00e9t, akkor v\u00e9lelmezett jogellenes adatkezel\u00e9s megsz\u00fcntet\u00e9se \u00e9rdek\u00e9ben a Nemzeti Adatv\u00e9delmi \u00e9s Inform\u00e1ci\u00f3szabads\u00e1g Hat\u00f3s\u00e1g vizsg\u00e1lati elj\u00e1r\u00e1s\u00e1t kezdem\u00e9nyezheti (levelez\u00e9si c\u00edm: 1530 Budapest, Pf.: 5., e-mail: ugyfelszolgalat@naih.hu).<\/span><\/p>\r\n<p><span style=\"font-weight: 400;\">T\u00e1j\u00e9koztatjuk emellett arr\u00f3l is, hogy polg\u00e1ri pert is ind\u00edthat b\u00edr\u00f3s\u00e1g el\u0151tt.<\/span><\/p>\r\n<h2><b>4. Adatbiztons\u00e1g<\/b><\/h2>\r\n<p><span style=\"font-weight: 400;\">Az informatikai rendszerek m\u0171k\u00f6dtet\u00e9se sor\u00e1n a sz\u00fcks\u00e9ges jogosults\u00e1gkezel\u00e9si, bels\u0151 szervez\u00e9si \u00e9s technikai megold\u00e1sok \u00e1ltal biztos\u00edtjuk, hogy az \u00e9rintettek adatai illet\u00e9ktelen szem\u00e9lyek birtok\u00e1ba ne juthassanak, illet\u00e9ktelen szem\u00e9lyek az adatokat ne tudj\u00e1k t\u00f6r\u00f6lni, kimenteni a rendszerb\u0151l, vagy m\u00f3dos\u00edtani. Az adatv\u00e9delmi \u00e9s adatbiztons\u00e1gi k\u00f6vetelm\u00e9nyeket \u00e9rv\u00e9nyre juttatjuk adatfeldolgoz\u00f3inkkal szemben is.<\/span><\/p>\r\n<p><span style=\"font-weight: 400;\">Az esetleges adatv\u00e9delmi incidensekr\u0151l nyilv\u00e1ntart\u00e1st vezet\u00fcnk, amennyiben sz\u00fcks\u00e9ges, a felmer\u00fcl\u0151 incidensekr\u0151l t\u00e1j\u00e9koztatjuk az \u00e9rintettet.<\/span><\/p>\r\n<h2><b>5. Egy\u00e9b rendelkez\u00e9sek<\/b><\/h2>\r\n<p><span style=\"font-weight: 400;\">Fenntartjuk a jogot, hogy jelen adatkezel\u00e9si t\u00e1j\u00e9koztat\u00f3t az adatkezel\u00e9s c\u00e9lj\u00e1t \u00e9s jogalapj\u00e1t nem \u00e9rint\u0151 m\u00f3don m\u00f3dos\u00edtsuk.<\/span><\/p>\r\n<p><span style=\"font-weight: 400;\">Amennyiben azonban a gy\u0171jt\u00f6tt adatokkal kapcsolatban a gy\u0171jt\u00e9s\u00fck c\u00e9lj\u00e1t\u00f3l elt\u00e9r\u0151 c\u00e9lb\u00f3l tov\u00e1bbi adatkezel\u00e9st k\u00edv\u00e1nunk v\u00e9gezni, a tov\u00e1bbi adatkezel\u00e9st megel\u0151z\u0151en t\u00e1j\u00e9koztatjuk az \u00e9rintettet az adatkezel\u00e9s c\u00e9lj\u00e1r\u00f3l \u00e9s az al\u00e1bbi inform\u00e1ci\u00f3kr\u00f3l:<\/span><\/p>\r\n<ul>\r\n<li style=\"font-weight: 400;\" aria-level=\"1\"><span style=\"font-weight: 400;\">a szem\u00e9lyes adatok t\u00e1rol\u00e1s\u00e1nak id\u0151tartam\u00e1r\u00f3l, vagy ha ez nem lehets\u00e9ges, akkor az id\u0151tartam meghat\u00e1roz\u00e1s\u00e1nak szempontjair\u00f3l;\u00a0<\/span><\/li>\r\n<li style=\"font-weight: 400;\" aria-level=\"1\"><span style=\"font-weight: 400;\">azon jog\u00e1r\u00f3l, hogy k\u00e9relmezheti a r\u00e1 vonatkoz\u00f3 szem\u00e9lyes adatokhoz val\u00f3 hozz\u00e1f\u00e9r\u00e9st, azok helyesb\u00edt\u00e9s\u00e9t, t\u00f6rl\u00e9s\u00e9t vagy kezel\u00e9s\u00e9nek korl\u00e1toz\u00e1s\u00e1t, \u00e9s jogos \u00e9rdeken alapul\u00f3 adatkezel\u00e9s eset\u00e9n tiltakozhat a szem\u00e9lyes adatok kezel\u00e9se ellen, valamint a hozz\u00e1j\u00e1rul\u00e1son, vagy szerz\u0151d\u00e9ses kapcsolaton alapul\u00f3 adatkezel\u00e9s eset\u00e9n k\u00e9rheti az adathordozhat\u00f3s\u00e1ghoz val\u00f3 jog biztos\u00edt\u00e1s\u00e1t;\u00a0<\/span><\/li>\r\n<li style=\"font-weight: 400;\" aria-level=\"1\"><span style=\"font-weight: 400;\">hozz\u00e1j\u00e1rul\u00e1son alapul\u00f3 adatkezel\u00e9s eset\u00e9n arr\u00f3l, hogy a hozz\u00e1j\u00e1rul\u00e1st az \u00e9rintett b\u00e1rmikor visszavonhatja,\u00a0<\/span><\/li>\r\n<li style=\"font-weight: 400;\" aria-level=\"1\"><span style=\"font-weight: 400;\">a fel\u00fcgyeleti hat\u00f3s\u00e1ghoz c\u00edmzett panasz beny\u00fajt\u00e1s\u00e1nak jog\u00e1r\u00f3l;\u00a0<\/span><\/li>\r\n<li style=\"font-weight: 400;\" aria-level=\"1\"><span style=\"font-weight: 400;\">arr\u00f3l, hogy a szem\u00e9lyes adat szolg\u00e1ltat\u00e1sa jogszab\u00e1lyon vagy szerz\u0151d\u00e9ses k\u00f6telezetts\u00e9gen alapul vagy szerz\u0151d\u00e9s k\u00f6t\u00e9s\u00e9nek el\u0151felt\u00e9tele-e, valamint, hogy az \u00e9rintett k\u00f6teles-e a szem\u00e9lyes adatokat megadni tov\u00e1bb\u00e1, hogy milyen lehets\u00e9ges k\u00f6vetkezm\u00e9nyeikkel j\u00e1rhat az adatszolg\u00e1ltat\u00e1s elmarad\u00e1sa;\u00a0<\/span><\/li>\r\n<li style=\"font-weight: 400;\" aria-level=\"1\"><span style=\"font-weight: 400;\">az automatiz\u00e1lt d\u00f6nt\u00e9shozatal t\u00e9ny\u00e9r\u0151l (ha alkalmazott ilyen elj\u00e1r\u00e1s), ide\u00e9rtve a profilalkot\u00e1st is, valamint legal\u00e1bb ezekben az esetekben az alkalmazott logik\u00e1ra \u00e9s arra vonatkoz\u00f3an \u00e9rthet\u0151 inform\u00e1ci\u00f3kat, hogy az ilyen adatkezel\u00e9s milyen jelent\u0151s\u00e9ggel, \u00e9s az \u00e9rintettre n\u00e9zve milyen v\u00e1rhat\u00f3 k\u00f6vetkezm\u00e9nyekkel b\u00edr.\u00a0<\/span><\/li>\r\n<\/ul>\r\n<p><span style=\"font-weight: 400;\">Az adatkezel\u00e9s csak ezt k\u00f6vet\u0151en kezd\u0151dhet meg, \u00e9s ha az adatkezel\u00e9s jogalapja hozz\u00e1j\u00e1rul\u00e1s, az adatkezel\u00e9shez a t\u00e1j\u00e9koztat\u00e1son fel\u00fcl az \u00e9rintettnek hozz\u00e1 is kell j\u00e1rulnia.<\/span><\/p>\r\n<p><span style=\"font-weight: 400;\">Jelen Adatkezel\u00e9si T\u00e1j\u00e9koztat\u00f3 2021. 08. 28. napj\u00e1t\u00f3l \u00e9rv\u00e9nyes.<\/span><\/p>\r\n","protected":false},"excerpt":{"rendered":"<p>ADATKEZEL\u00c9SI T\u00c1J\u00c9KOZTAT\u00d3 Jelen dokumentum tartalmazza a Kukkapukka Bt., a https:\/\/szuleskonyv.hu\/ oldal (a tov\u00e1bbiakban: honlap) \u00fczemeltet\u0151j\u00e9nek (a tov\u00e1bbiakban: adatkezel\u0151) t\u00e1j\u00e9koztat\u00e1s\u00e1t az oldalon szem\u00e9lyes adatot megad\u00f3 szem\u00e9lyek (a tov\u00e1bbiakban: \u00e9rintett) tekintet\u00e9ben a megadott szem\u00e9lyes adatok kezel\u00e9s\u00e9vel kapcsolatban. El\u00e9rhet\u0151s\u00e9geink: &#8211; postac\u00edm: 1141 Budapest, M\u00e1lyva u. 30. &#8211; e-mailc\u00edm: szuleskonyv@gmail.com &#8211; telefonsz\u00e1m: +3620 321-6788 Az adatkezel\u00e9si t\u00e1j\u00e9koztat\u00f3 a 2016\/679 [&hellip;]<\/p>\n","protected":false},"author":1,"featured_media":0,"parent":0,"menu_order":0,"comment_status":"closed","ping_status":"closed","template":"","meta":{"footnotes":""},"class_list":["post-91","page","type-page","status-publish","hentry"],"aioseo_notices":[],"_links":{"self":[{"href":"https:\/\/szuleskonyv.hu\/index.php\/wp-json\/wp\/v2\/pages\/91","targetHints":{"allow":["GET"]}}],"collection":[{"href":"https:\/\/szuleskonyv.hu\/index.php\/wp-json\/wp\/v2\/pages"}],"about":[{"href":"https:\/\/szuleskonyv.hu\/index.php\/wp-json\/wp\/v2\/types\/page"}],"author":[{"embeddable":true,"href":"https:\/\/szuleskonyv.hu\/index.php\/wp-json\/wp\/v2\/users\/1"}],"replies":[{"embeddable":true,"href":"https:\/\/szuleskonyv.hu\/index.php\/wp-json\/wp\/v2\/comments?post=91"}],"version-history":[{"count":3,"href":"https:\/\/szuleskonyv.hu\/index.php\/wp-json\/wp\/v2\/pages\/91\/revisions"}],"predecessor-version":[{"id":237,"href":"https:\/\/szuleskonyv.hu\/index.php\/wp-json\/wp\/v2\/pages\/91\/revisions\/237"}],"wp:attachment":[{"href":"https:\/\/szuleskonyv.hu\/index.php\/wp-json\/wp\/v2\/media?parent=91"}],"curies":[{"name":"wp","href":"https:\/\/api.w.org\/{rel}","templated":true}]}}